{"id":68,"date":"2020-11-07T19:00:41","date_gmt":"2020-11-07T19:00:41","guid":{"rendered":"https:\/\/www.aracartandresidency.com\/?page_id=68"},"modified":"2025-04-22T20:11:04","modified_gmt":"2025-04-22T20:11:04","slug":"afar-talks","status":"publish","type":"page","link":"https:\/\/www.afarnetwork.com\/ro\/afar-talks\/","title":{"rendered":"AFAR Talks"},"content":{"rendered":"<p>[et_pb_section fb_built=&#8221;1&#8243; _builder_version=&#8221;4.21.0&#8243; _module_preset=&#8221;default&#8221; use_background_color_gradient=&#8221;on&#8221; background_color_gradient_direction=&#8221;270deg&#8221; background_color_gradient_stops=&#8221;#0000ee 54%|rgba(0,0,0,0) 54%&#8221; background_enable_image=&#8221;off&#8221; background_size=&#8221;custom&#8221; background_image_width=&#8221;300px&#8221; background_position=&#8221;top_left&#8221; background_repeat=&#8221;repeat&#8221; custom_padding=&#8221;0px|0px|0px|0px|false|false&#8221; background_last_edited=&#8221;on|tablet&#8221; background_color_gradient_direction_tablet=&#8221;0deg&#8221; custom_css_before=&#8221;content: &#8221;;||    display: block;||    position: absolute;||    top: 0;||    left: 0;||    right: 0;||    bottom: 0;||    background-image: url(https:\/\/www.afarnetwork.com\/wp-content\/uploads\/2023\/08\/bg-afar-talks@4x.png);||    background-size: 300px;||    background-repeat: repeat;||    background-position: left top;||z-index:-1;&#8221; custom_css_main_element=&#8221;background: transparent;&#8221; global_colors_info=&#8221;{}&#8221;][et_pb_row column_structure=&#8221;2_5,3_5&#8243; make_equal=&#8221;on&#8221; _builder_version=&#8221;4.21.0&#8243; _module_preset=&#8221;default&#8221; background_enable_color=&#8221;off&#8221; width=&#8221;100%&#8221; custom_margin=&#8221;0px||0px||false|false&#8221; custom_padding=&#8221;0px||0px||false|false&#8221; global_colors_info=&#8221;{}&#8221;][et_pb_column type=&#8221;2_5&#8243; _builder_version=&#8221;4.21.0&#8243; _module_preset=&#8221;default&#8221; background_enable_color=&#8221;off&#8221; background_enable_image=&#8221;off&#8221; background_size=&#8221;custom&#8221; background_image_width=&#8221;350px&#8221; background_position=&#8221;top_left&#8221; background_repeat=&#8221;repeat&#8221; custom_padding=&#8221;|||0px|false|false&#8221; global_colors_info=&#8221;{}&#8221;][et_pb_text _builder_version=&#8221;4.21.0&#8243; _module_preset=&#8221;default&#8221; text_text_color=&#8221;#ffffff&#8221; header_font=&#8221;|||on|||||&#8221; header_text_color=&#8221;#000000&#8243; header_font_size=&#8221;50px&#8221; max_width=&#8221;700px&#8221; module_alignment=&#8221;right&#8221; custom_margin=&#8221;auto||auto||false|false&#8221; custom_padding=&#8221;100px|0px|100px||false|false&#8221; global_colors_info=&#8221;{}&#8221;]<\/p>\n<h1>AFAR Talks<\/h1>\n<p>&nbsp;<\/p>\n<p>[\/et_pb_text][\/et_pb_column][et_pb_column type=&#8221;3_5&#8243; _builder_version=&#8221;4.21.0&#8243; _module_preset=&#8221;default&#8221; background_enable_color=&#8221;off&#8221; background_image=&#8221;https:\/\/www.afarnetwork.com\/wp-content\/uploads\/2023\/08\/about-stripe@4x.png&#8221; background_size=&#8221;custom&#8221; background_image_width=&#8221;80px&#8221; background_position=&#8221;bottom_right&#8221; background_horizontal_offset=&#8221;50px&#8221; background_vertical_offset=&#8221;50px&#8221; global_colors_info=&#8221;{}&#8221;][et_pb_text _builder_version=&#8221;4.21.0&#8243; _module_preset=&#8221;default&#8221; text_text_color=&#8221;#FFFFFF&#8221; background_layout=&#8221;dark&#8221; min_height=&#8221;25vw&#8221; custom_margin=&#8221;100px||||false|false&#8221; global_colors_info=&#8221;{}&#8221;][\/et_pb_text][\/et_pb_column][\/et_pb_row][\/et_pb_section][et_pb_section fb_built=&#8221;1&#8243; _builder_version=&#8221;4.21.0&#8243; _module_preset=&#8221;default&#8221; background_color=&#8221;#FFFFFF&#8221; global_colors_info=&#8221;{}&#8221;][et_pb_row column_structure=&#8221;1_2,1_2&#8243; _builder_version=&#8221;4.21.0&#8243; _module_preset=&#8221;default&#8221; global_colors_info=&#8221;{}&#8221;][et_pb_column type=&#8221;1_2&#8243; _builder_version=&#8221;4.21.0&#8243; _module_preset=&#8221;default&#8221; global_colors_info=&#8221;{}&#8221;][et_pb_image src=&#8221;https:\/\/www.afarnetwork.com\/wp-content\/uploads\/2024\/03\/382841182_328950369519904_7865725509322281919_n.jpg&#8221; title_text=&#8221;\u00ee&#8221; url=&#8221;https:\/\/www.afarnetwork.com\/anja-luckenkemper-in-dialogue-with-alexandru-balasescu\/&#8221; _builder_version=&#8221;4.21.0&#8243; _module_preset=&#8221;default&#8221; global_colors_info=&#8221;{}&#8221;][\/et_pb_image][\/et_pb_column][et_pb_column type=&#8221;1_2&#8243; _builder_version=&#8221;4.21.0&#8243; _module_preset=&#8221;default&#8221; global_colors_info=&#8221;{}&#8221;][et_pb_text _builder_version=&#8221;4.21.0&#8243; _module_preset=&#8221;default&#8221; global_colors_info=&#8221;{}&#8221;]<\/p>\n<h1>Reassembling Nature &#8211; an open-ended story in various attempts<\/h1>\n<p>Anja L\u00fcckenkemper in conversation with Alexandru B\u0103l\u0103\u0219e\u0219cu<\/p>\n<p>[\/et_pb_text][et_pb_text _builder_version=&#8221;4.21.0&#8243; _module_preset=&#8221;default&#8221; global_colors_info=&#8221;{}&#8221;]<\/p>\n<p>AFAR TALKS<br \/>03.10.2023\/ 17:00<br \/>Anca Poterasu Gallery<br \/>26 Popa Soare Street, Buchatest<\/p>\n<p>[\/et_pb_text][\/et_pb_column][\/et_pb_row][et_pb_row column_structure=&#8221;1_2,1_2&#8243; _builder_version=&#8221;4.21.0&#8243; _module_preset=&#8221;default&#8221; global_colors_info=&#8221;{}&#8221;][et_pb_column type=&#8221;1_2&#8243; _builder_version=&#8221;4.21.0&#8243; _module_preset=&#8221;default&#8221; global_colors_info=&#8221;{}&#8221;][et_pb_image src=&#8221;https:\/\/www.afarnetwork.com\/wp-content\/uploads\/2024\/03\/398607043_354736383607969_2043824360170724396_n.jpg&#8221; url=&#8221;https:\/\/www.afarnetwork.com\/luizateixeiradefreitasinconversationwithalinaserban\/&#8221; _builder_version=&#8221;4.21.0&#8243; _module_preset=&#8221;default&#8221; global_colors_info=&#8221;{}&#8221;][\/et_pb_image][\/et_pb_column][et_pb_column type=&#8221;1_2&#8243; _builder_version=&#8221;4.21.0&#8243; _module_preset=&#8221;default&#8221; global_colors_info=&#8221;{}&#8221;][et_pb_text _builder_version=&#8221;4.21.0&#8243; _module_preset=&#8221;default&#8221; global_colors_info=&#8221;{}&#8221;]<\/p>\n<h1>Time to Care.<br \/>\u201dA conversation on the importance of art in health\u201d<\/h1>\n<p>Luiza Teixeira de Freitas in conversation with Alina \u0218erban<\/p>\n<p>AFAR TALKS<br \/>23.11.2023\/ 18:00<br \/>ARAC\/ Residence Space &#8211; first floor<br \/>26 Popa Soare, Bucharest<\/p>\n<p>[\/et_pb_text][et_pb_text _builder_version=&#8221;4.21.0&#8243; _module_preset=&#8221;default&#8221; global_colors_info=&#8221;{}&#8221;][\/et_pb_text][\/et_pb_column][\/et_pb_row][et_pb_row column_structure=&#8221;1_2,1_2&#8243; _builder_version=&#8221;4.21.0&#8243; _module_preset=&#8221;default&#8221; global_colors_info=&#8221;{}&#8221;][et_pb_column type=&#8221;1_2&#8243; _builder_version=&#8221;4.21.0&#8243; _module_preset=&#8221;default&#8221; global_colors_info=&#8221;{}&#8221;][et_pb_image src=&#8221;https:\/\/www.afarnetwork.com\/wp-content\/uploads\/2024\/03\/WEB-baner-horizontalni-TALK-1.jpg&#8221; url=&#8221;https:\/\/www.afarnetwork.com\/evewoodsafartalk\/&#8221; _builder_version=&#8221;4.21.0&#8243; _module_preset=&#8221;default&#8221; global_colors_info=&#8221;{}&#8221;][\/et_pb_image][\/et_pb_column][et_pb_column type=&#8221;1_2&#8243; _builder_version=&#8221;4.21.0&#8243; _module_preset=&#8221;default&#8221; global_colors_info=&#8221;{}&#8221;][et_pb_text _builder_version=&#8221;4.21.0&#8243; _module_preset=&#8221;default&#8221; global_colors_info=&#8221;{}&#8221;]<\/p>\n<h1>A SELECTION OF IRISH ECO-ARTISTS<\/h1>\n<p>Eve Woods in conversation with Luja \u0160imunovi\u0107<\/p>\n<p>AFAR TALKS<br \/>15.01.2024\/ 19:00<br \/>AKADEMIJA LIKOVNIH UMJETNOSTI<br \/>Ul. Rudolfa Kolaka 12<\/p>\n<p>[\/et_pb_text][et_pb_text _builder_version=&#8221;4.21.0&#8243; _module_preset=&#8221;default&#8221; global_colors_info=&#8221;{}&#8221;]<\/p>\n<p>&nbsp;<\/p>\n<div class=\"x11i5rnm xat24cr x1mh8g0r x1vvkbs xtlvy1s\">\n<p>&nbsp;<\/p>\n<\/div>\n<p>[\/et_pb_text][\/et_pb_column][\/et_pb_row][et_pb_row column_structure=&#8221;1_2,1_2&#8243; admin_label=&#8221;Row&#8221; _builder_version=&#8221;4.21.0&#8243; _module_preset=&#8221;default&#8221; global_colors_info=&#8221;{}&#8221;][et_pb_column type=&#8221;1_2&#8243; _builder_version=&#8221;4.21.0&#8243; _module_preset=&#8221;default&#8221; global_colors_info=&#8221;{}&#8221;][et_pb_image src=&#8221;https:\/\/www.afarnetwork.com\/wp-content\/uploads\/2024\/03\/WEB-baner-horizontalni-TALK-2.jpg&#8221; url=&#8221;https:\/\/www.afarnetwork.com\/?page_id=2623&#038;preview=true&#8221; _builder_version=&#8221;4.21.0&#8243; _module_preset=&#8221;default&#8221; global_colors_info=&#8221;{}&#8221;][\/et_pb_image][\/et_pb_column][et_pb_column type=&#8221;1_2&#8243; _builder_version=&#8221;4.21.0&#8243; _module_preset=&#8221;default&#8221; global_colors_info=&#8221;{}&#8221;][et_pb_text _builder_version=&#8221;4.21.0&#8243; _module_preset=&#8221;default&#8221; global_colors_info=&#8221;{}&#8221;]<\/p>\n<h1 style=\"margin: 0cm; line-height: 18.5pt;\">Shared space &#8211; How do we co-create and co-opt space?<\/h1>\n<p style=\"margin: 0cm; line-height: 18.5pt;\">Sarah McNulty in conversation with Deborah Husti\u0107 in cooperation with the Academy of Fine Arts in Zagreb, as part of the course Introduction to the Theory of Art, by associate professor Josip Zanki, Ph.D.<\/p>\n<p>AFAR TALKS<br \/>27.02.2024\/ 15:30<br \/>AKADEMIJA LIKOVNIH UMJETNOSTI<br \/>Ul. Rudolfa Kolaka 12<\/p>\n<p>[\/et_pb_text][et_pb_text _builder_version=&#8221;4.21.0&#8243; _module_preset=&#8221;default&#8221; global_colors_info=&#8221;{}&#8221;][\/et_pb_text][\/et_pb_column][\/et_pb_row][et_pb_row column_structure=&#8221;1_2,1_2&#8243; _builder_version=&#8221;4.21.0&#8243; _module_preset=&#8221;default&#8221; global_colors_info=&#8221;{}&#8221;][et_pb_column type=&#8221;1_2&#8243; _builder_version=&#8221;4.21.0&#8243; _module_preset=&#8221;default&#8221; global_colors_info=&#8221;{}&#8221;][et_pb_image src=&#8221;https:\/\/www.afarnetwork.com\/wp-content\/uploads\/2024\/03\/WEB-baner-horizontalni-TALK-5.jpg&#8221; url=&#8221;https:\/\/www.afarnetwork.com\/larisacrunteanutalk\/&#8221; _builder_version=&#8221;4.21.0&#8243; _module_preset=&#8221;default&#8221; global_colors_info=&#8221;{}&#8221;][\/et_pb_image][\/et_pb_column][et_pb_column type=&#8221;1_2&#8243; _builder_version=&#8221;4.21.0&#8243; _module_preset=&#8221;default&#8221; global_colors_info=&#8221;{}&#8221;][et_pb_text _builder_version=&#8221;4.21.0&#8243; _module_preset=&#8221;default&#8221; global_colors_info=&#8221;{}&#8221;]<\/p>\n<h1>Topographies of Love<\/h1>\n<p>Larisa Crun\u0163eanu in conversation with Nevena \u0160krbi\u0107 Alempijevi\u0107, PhD (HR) in cooperation with the discursive program of the doctoral study of Academy of Fine Arts in Zagreb<\/p>\n<p>AFAR TALKS<br \/>12.03.2024\/ 19:30<br \/>Putolovac Gallery<br \/>Ilica 112<\/p>\n<p>[\/et_pb_text][et_pb_text _builder_version=&#8221;4.21.0&#8243; _module_preset=&#8221;default&#8221; global_colors_info=&#8221;{}&#8221;][\/et_pb_text][\/et_pb_column][\/et_pb_row][et_pb_row column_structure=&#8221;1_2,1_2&#8243; _builder_version=&#8221;4.21.0&#8243; _module_preset=&#8221;default&#8221; global_colors_info=&#8221;{}&#8221;][et_pb_column type=&#8221;1_2&#8243; _builder_version=&#8221;4.21.0&#8243; _module_preset=&#8221;default&#8221; global_colors_info=&#8221;{}&#8221;][et_pb_image src=&#8221;https:\/\/www.afarnetwork.com\/wp-content\/uploads\/2024\/03\/03-TALK_Event_1920x1005-100.jpg&#8221; url=&#8221;https:\/\/www.afarnetwork.com\/memory-practices-by-zoya-laktionova\/&#8221; _builder_version=&#8221;4.21.0&#8243; _module_preset=&#8221;default&#8221; global_colors_info=&#8221;{}&#8221;][\/et_pb_image][\/et_pb_column][et_pb_column type=&#8221;1_2&#8243; _builder_version=&#8221;4.21.0&#8243; _module_preset=&#8221;default&#8221; global_colors_info=&#8221;{}&#8221;][et_pb_text _builder_version=&#8221;4.21.0&#8243; _module_preset=&#8221;default&#8221; global_colors_info=&#8221;{}&#8221;]<\/p>\n<h1>Zoya Laktionova &#8211; Memory Pratices<\/h1>\n<p>A conversation about how the artist navigates the complexities of history and identity, drawing attention to the nuanced intersections of personal and collective narratives.<\/p>\n<p>AFAR TALKS<br \/>16.03.2024\/ 19:00<br \/>ARAC Space<br \/>Popa Soare 26, Bucharest<\/p>\n<p>[\/et_pb_text][\/et_pb_column][\/et_pb_row][et_pb_row column_structure=&#8221;1_2,1_2&#8243; _builder_version=&#8221;4.21.0&#8243; _module_preset=&#8221;default&#8221; global_colors_info=&#8221;{}&#8221;][et_pb_column type=&#8221;1_2&#8243; _builder_version=&#8221;4.21.0&#8243; _module_preset=&#8221;default&#8221; global_colors_info=&#8221;{}&#8221;][et_pb_image src=&#8221;https:\/\/www.afarnetwork.com\/wp-content\/uploads\/2024\/05\/WEB-baner-horizontalni-TALK-1.jpg&#8221; url=&#8221;https:\/\/www.afarnetwork.com\/liesbethbikijosvanderpol_leilatopic\/&#8221; _builder_version=&#8221;4.21.0&#8243; _module_preset=&#8221;default&#8221; global_colors_info=&#8221;{}&#8221;][\/et_pb_image][\/et_pb_column][et_pb_column type=&#8221;1_2&#8243; _builder_version=&#8221;4.21.0&#8243; _module_preset=&#8221;default&#8221; global_colors_info=&#8221;{}&#8221;][et_pb_text _builder_version=&#8221;4.21.0&#8243; _module_preset=&#8221;default&#8221; global_colors_info=&#8221;{}&#8221;]<\/p>\n<h1>Speechless<\/h1>\n<p>AFAR TALKS<\/p>\n<p>Liesbeth Bik i Jos van der Pol (NL) te Leila Topi\u0107 (HR) in cooperation with the discursive program of the doctoral study of Academy of Fine Arts in Zagreb<br \/>7.5.2024, 19:30<br \/>Galerija Putolovac<br \/>Ilica 112<\/p>\n<p><strong>\u00a0<\/strong><\/p>\n<p>[\/et_pb_text][\/et_pb_column][\/et_pb_row][et_pb_row column_structure=&#8221;1_2,1_2&#8243; _builder_version=&#8221;4.21.0&#8243; _module_preset=&#8221;default&#8221; global_colors_info=&#8221;{}&#8221;][et_pb_column type=&#8221;1_2&#8243; _builder_version=&#8221;4.21.0&#8243; _module_preset=&#8221;default&#8221; global_colors_info=&#8221;{}&#8221;][et_pb_image src=&#8221;https:\/\/www.afarnetwork.com\/wp-content\/uploads\/2024\/05\/WEB-baner-horizontalni-TALK-3.jpg&#8221; url=&#8221;https:\/\/www.afarnetwork.com\/megandominescu-afartalk\/&#8221; _builder_version=&#8221;4.21.0&#8243; _module_preset=&#8221;default&#8221; global_colors_info=&#8221;{}&#8221;][\/et_pb_image][\/et_pb_column][et_pb_column type=&#8221;1_2&#8243; _builder_version=&#8221;4.21.0&#8243; _module_preset=&#8221;default&#8221; global_colors_info=&#8221;{}&#8221;][et_pb_text _builder_version=&#8221;4.21.0&#8243; _module_preset=&#8221;default&#8221; global_colors_info=&#8221;{}&#8221;]<\/p>\n<h1>Slowly But Boldly Going Nowhere: A map of artistic practice and visual upbringing<\/h1>\n<p>AFAR TALKS<\/p>\n<p>Megan Dominescu (RO) and Sven Jozi\u0107 (HR)<br \/>In cooperation with the Academy of Fine Arts in Zagreb, as part of the course Introduction to the Theory of Art, by associate professor Josip Zanki, Ph.D.<\/p>\n<p>3.6.2024, 7pm<br \/>Academy of Fine Arts \u2013 Rudolfa Kolaka 12<\/p>\n<p>[\/et_pb_text][\/et_pb_column][\/et_pb_row][et_pb_row column_structure=&#8221;1_2,1_2&#8243; _builder_version=&#8221;4.21.0&#8243; _module_preset=&#8221;default&#8221; global_colors_info=&#8221;{}&#8221;][et_pb_column type=&#8221;1_2&#8243; _builder_version=&#8221;4.21.0&#8243; _module_preset=&#8221;default&#8221; global_colors_info=&#8221;{}&#8221;][et_pb_image src=&#8221;https:\/\/www.afarnetwork.com\/wp-content\/uploads\/2024\/11\/440771765_446496471098626_3068824503445540641_n.jpg&#8221; url=&#8221;https:\/\/www.afarnetwork.com\/williamewingcuratortalk\/&#8221; _builder_version=&#8221;4.21.0&#8243; _module_preset=&#8221;default&#8221; global_colors_info=&#8221;{}&#8221;][\/et_pb_image][\/et_pb_column][et_pb_column type=&#8221;1_2&#8243; _builder_version=&#8221;4.21.0&#8243; _module_preset=&#8221;default&#8221; global_colors_info=&#8221;{}&#8221;][et_pb_text _builder_version=&#8221;4.21.0&#8243; _module_preset=&#8221;default&#8221; global_colors_info=&#8221;{}&#8221;]<\/p>\n<h1>Curator William Ewing in dialogue with artist Iosif Kiraly<\/h1>\n<p>AFAR TALKS<br \/>09.05.2024\/ 19:00<br \/>Popa Soare 26, Bucharest<\/p>\n<p>[\/et_pb_text][\/et_pb_column][\/et_pb_row][et_pb_row column_structure=&#8221;1_2,1_2&#8243; _builder_version=&#8221;4.21.0&#8243; _module_preset=&#8221;default&#8221; global_colors_info=&#8221;{}&#8221;][et_pb_column type=&#8221;1_2&#8243; _builder_version=&#8221;4.21.0&#8243; _module_preset=&#8221;default&#8221; global_colors_info=&#8221;{}&#8221;][et_pb_image src=&#8221;https:\/\/www.afarnetwork.com\/wp-content\/uploads\/2024\/11\/Talk-19-June-color_03-TALK_Event_1920x1005-scaled.jpg&#8221; url=&#8221;https:\/\/www.afarnetwork.com\/curatorjuliecrennindialoguewithartistdeliapopa\/&#8221; _builder_version=&#8221;4.21.0&#8243; _module_preset=&#8221;default&#8221; global_colors_info=&#8221;{}&#8221;][\/et_pb_image][\/et_pb_column][et_pb_column type=&#8221;1_2&#8243; _builder_version=&#8221;4.21.0&#8243; _module_preset=&#8221;default&#8221; global_colors_info=&#8221;{}&#8221;][et_pb_text _builder_version=&#8221;4.21.0&#8243; _module_preset=&#8221;default&#8221; global_colors_info=&#8221;{}&#8221;]<\/p>\n<h1>Curator Julie Crenn in dialogue with artist Delia Popa<\/h1>\n<p>AFAR TALKS<br \/>19.06.2024\/ 19:00<br \/>Popa Soare 26, Bucharest<\/p>\n<p>[\/et_pb_text][\/et_pb_column][\/et_pb_row][et_pb_row column_structure=&#8221;1_2,1_2&#8243; _builder_version=&#8221;4.21.0&#8243; _module_preset=&#8221;default&#8221; global_colors_info=&#8221;{}&#8221;][et_pb_column type=&#8221;1_2&#8243; _builder_version=&#8221;4.21.0&#8243; _module_preset=&#8221;default&#8221; global_colors_info=&#8221;{}&#8221;][et_pb_image src=&#8221;https:\/\/www.afarnetwork.com\/wp-content\/uploads\/2024\/06\/WEB-baner-horizontalni-TALK.jpg&#8221; title_text=&#8221;WEB baner horizontalni TALK&#8221; url=&#8221;https:\/\/www.afarnetwork.com\/iza-tarasewicz-with-leonidom-kovac\/&#8221; _builder_version=&#8221;4.21.0&#8243; _module_preset=&#8221;default&#8221; global_colors_info=&#8221;{}&#8221;][\/et_pb_image][\/et_pb_column][et_pb_column type=&#8221;1_2&#8243; _builder_version=&#8221;4.21.0&#8243; _module_preset=&#8221;default&#8221; global_colors_info=&#8221;{}&#8221;][et_pb_text admin_label=&#8221;Text&#8221; _builder_version=&#8221;4.21.0&#8243; _module_preset=&#8221;default&#8221; global_colors_info=&#8221;{}&#8221;]<\/p>\n<h1>Art practice as a way to hold yourself up<\/h1>\n<p>Iza Tarasewicz (PL) with Leonidom Kova\u010d (HR)<\/p>\n<p>AFAR TALKS<br \/>25.6.2024\/ 19:30<br \/>ARAC\/ Residence Space &#8211; first floor<br \/>Galerija Putolovac Ilica 112<\/p>\n<p>[\/et_pb_text][et_pb_text admin_label=&#8221;Text&#8221; _builder_version=&#8221;4.21.0&#8243; _module_preset=&#8221;default&#8221; global_colors_info=&#8221;{}&#8221;][\/et_pb_text][\/et_pb_column][\/et_pb_row][et_pb_row column_structure=&#8221;1_2,1_2&#8243; _builder_version=&#8221;4.21.0&#8243; _module_preset=&#8221;default&#8221; global_colors_info=&#8221;{}&#8221;][et_pb_column type=&#8221;1_2&#8243; _builder_version=&#8221;4.21.0&#8243; _module_preset=&#8221;default&#8221; global_colors_info=&#8221;{}&#8221;][et_pb_image src=&#8221;https:\/\/www.afarnetwork.com\/wp-content\/uploads\/2024\/09\/thumbnail_Textile-Talks-Engl.jpg&#8221; title_text=&#8221;WEB baner horizontalni TALK&#8221; url=&#8221;https:\/\/www.afarnetwork.com\/vienna-exhibitions\/&#8221; _builder_version=&#8221;4.21.0&#8243; _module_preset=&#8221;default&#8221; global_colors_info=&#8221;{}&#8221;][\/et_pb_image][\/et_pb_column][et_pb_column type=&#8221;1_2&#8243; _builder_version=&#8221;4.21.0&#8243; _module_preset=&#8221;default&#8221; global_colors_info=&#8221;{}&#8221;][et_pb_text admin_label=&#8221;Text&#8221; _builder_version=&#8221;4.21.0&#8243; _module_preset=&#8221;default&#8221; global_colors_info=&#8221;{}&#8221;]<\/p>\n<h2>Vienna TALKS<br \/>K\u00fcnstlerhaus, Factory<\/h2>\n<h5>K\u00fcnstlerhaus, Factory<\/h5>\n<p>[\/et_pb_text][et_pb_text admin_label=&#8221;Text&#8221; _builder_version=&#8221;4.21.0&#8243; _module_preset=&#8221;default&#8221; global_colors_info=&#8221;{}&#8221;][\/et_pb_text][\/et_pb_column][\/et_pb_row][et_pb_row column_structure=&#8221;1_2,1_2&#8243; _builder_version=&#8221;4.21.0&#8243; _module_preset=&#8221;default&#8221; global_colors_info=&#8221;{}&#8221;][et_pb_column type=&#8221;1_2&#8243; _builder_version=&#8221;4.21.0&#8243; _module_preset=&#8221;default&#8221; global_colors_info=&#8221;{}&#8221;][et_pb_image src=&#8221;https:\/\/www.afarnetwork.com\/wp-content\/uploads\/2024\/11\/03-TALK_Event_1920x1005-100.jpg&#8221; title_text=&#8221;WEB baner horizontalni TALK&#8221; url=&#8221;https:\/\/www.afarnetwork.com\/afartalk-textileart\/&#8221; _builder_version=&#8221;4.21.0&#8243; _module_preset=&#8221;default&#8221; global_colors_info=&#8221;{}&#8221;][\/et_pb_image][\/et_pb_column][et_pb_column type=&#8221;1_2&#8243; _builder_version=&#8221;4.21.0&#8243; _module_preset=&#8221;default&#8221; global_colors_info=&#8221;{}&#8221;][et_pb_text admin_label=&#8221;Text&#8221; _builder_version=&#8221;4.21.0&#8243; _module_preset=&#8221;default&#8221; global_colors_info=&#8221;{}&#8221;]<\/p>\n<h1>AFAR Talk\/ Textile Art: Crafting a Path to Inclusion and Equality<\/h1>\n<p>10.12.2024\/ 19:00<br \/>Calea Doroban\u021bi, nr. 32<br \/>Pavilionul Goethe, Bucharest<\/p>\n<p>[\/et_pb_text][et_pb_text admin_label=&#8221;Text&#8221; _builder_version=&#8221;4.21.0&#8243; _module_preset=&#8221;default&#8221; global_colors_info=&#8221;{}&#8221;][\/et_pb_text][\/et_pb_column][\/et_pb_row][\/et_pb_section][et_pb_section fb_built=&#8221;1&#8243; theme_builder_area=&#8221;post_content&#8221; _builder_version=&#8221;4.21.0&#8243; _module_preset=&#8221;default&#8221;][et_pb_row _builder_version=&#8221;4.21.0&#8243; _module_preset=&#8221;default&#8221; theme_builder_area=&#8221;post_content&#8221;][et_pb_column _builder_version=&#8221;4.21.0&#8243; _module_preset=&#8221;default&#8221; type=&#8221;4_4&#8243; theme_builder_area=&#8221;post_content&#8221;][et_pb_text _builder_version=&#8221;4.21.0&#8243; _module_preset=&#8221;default&#8221; theme_builder_area=&#8221;post_content&#8221; hover_enabled=&#8221;0&#8243; sticky_enabled=&#8221;0&#8243;]<\/p>\n<div class=\"x11i5rnm xat24cr x1mh8g0r x1vvkbs xtlvy1s\">Artists for Artists Residency Network (AFAR) is an EU co-funded project and residency program, aiming to improve the mobility of contemporary visual artists and curators in Romania, Germany, Croatia, and Austria. The project is led by the Romanian Association for Contemporary Art (ARAC) with its three consortium partners \u2013 Goethe Institute Network, Croatian Association of Fine Artists, and K\u00fcnstlerhaus Vienna.<\/div>\n<div class=\"x11i5rnm xat24cr x1mh8g0r x1vvkbs xtlvy1s\">\n<p>Views and opinions expressed are however those of the author(s) only and do not necessarily reflect those of the European Union or European Education and Culture Executive Agency (EACEA). Neither the European Union nor the granting authority can be held responsible for them.\u00a0<\/p>\n<\/div>\n<p>[\/et_pb_text][\/et_pb_column][\/et_pb_row][\/et_pb_section]<\/p>\n","protected":false},"excerpt":{"rendered":"<p>AFAR Talks &nbsp;Reassembling Nature &#8211; an open-ended story in various attempts Anja L\u00fcckenkemper in conversation with Alexandru B\u0103l\u0103\u0219e\u0219cuAFAR TALKS03.10.2023\/ 17:00Anca Poterasu Gallery26 Popa Soare Street, BuchatestTime to Care.\u201dA conversation on the importance of art in health\u201d Luiza Teixeira de Freitas in conversation with Alina \u0218erban AFAR TALKS23.11.2023\/ 18:00ARAC\/ Residence Space &#8211; first floor26 Popa Soare, [&hellip;]<\/p>\n","protected":false},"author":1,"featured_media":0,"parent":0,"menu_order":0,"comment_status":"closed","ping_status":"closed","template":"","meta":{"_et_pb_use_builder":"on","_et_pb_old_content":"","_et_gb_content_width":"","footnotes":""},"class_list":["post-68","page","type-page","status-publish","hentry"],"yoast_head":"<!-- This site is optimized with the Yoast SEO plugin v23.0 - https:\/\/yoast.com\/wordpress\/plugins\/seo\/ -->\n<title>AFAR Talks - AFAR Network<\/title>\n<meta name=\"description\" content=\"Artists for Artists Residency Network (AFAR) is an EU funded project, aiming to improve the mobility of contemporary visual artists and curators in the four European partner regions \u2013 Romania, Germany, Croatia, and Austria.\" \/>\n<meta name=\"robots\" content=\"index, follow, max-snippet:-1, max-image-preview:large, max-video-preview:-1\" \/>\n<link rel=\"canonical\" href=\"https:\/\/www.afarnetwork.com\/ro\/afar-talks\/\" \/>\n<meta property=\"og:locale\" content=\"ro_RO\" \/>\n<meta property=\"og:type\" content=\"article\" \/>\n<meta property=\"og:title\" content=\"AFAR Talks - AFAR Network\" \/>\n<meta property=\"og:description\" content=\"Artists for Artists Residency Network (AFAR) is an EU funded project, aiming to improve the mobility of contemporary visual artists and curators in the four European partner regions \u2013 Romania, Germany, Croatia, and Austria.\" \/>\n<meta property=\"og:url\" content=\"https:\/\/www.afarnetwork.com\/ro\/afar-talks\/\" \/>\n<meta property=\"og:site_name\" content=\"AFAR Network\" \/>\n<meta property=\"article:modified_time\" content=\"2025-04-22T20:11:04+00:00\" \/>\n<meta name=\"twitter:card\" content=\"summary_large_image\" \/>\n<meta name=\"twitter:label1\" content=\"Timp estimat pentru citire\" \/>\n\t<meta name=\"twitter:data1\" content=\"5 minute\" \/>\n<script type=\"application\/ld+json\" class=\"yoast-schema-graph\">{\"@context\":\"https:\/\/schema.org\",\"@graph\":[{\"@type\":\"WebPage\",\"@id\":\"https:\/\/www.afarnetwork.com\/afar-talks\/\",\"url\":\"https:\/\/www.afarnetwork.com\/afar-talks\/\",\"name\":\"AFAR Talks - AFAR Network\",\"isPartOf\":{\"@id\":\"https:\/\/www.afarnetwork.com\/#website\"},\"datePublished\":\"2020-11-07T19:00:41+00:00\",\"dateModified\":\"2025-04-22T20:11:04+00:00\",\"description\":\"Artists for Artists Residency Network (AFAR) is an EU funded project, aiming to improve the mobility of contemporary visual artists and curators in the four European partner regions \u2013 Romania, Germany, Croatia, and Austria.\",\"breadcrumb\":{\"@id\":\"https:\/\/www.afarnetwork.com\/afar-talks\/#breadcrumb\"},\"inLanguage\":\"ro-RO\",\"potentialAction\":[{\"@type\":\"ReadAction\",\"target\":[\"https:\/\/www.afarnetwork.com\/afar-talks\/\"]}]},{\"@type\":\"BreadcrumbList\",\"@id\":\"https:\/\/www.afarnetwork.com\/afar-talks\/#breadcrumb\",\"itemListElement\":[{\"@type\":\"ListItem\",\"position\":1,\"name\":\"Home\",\"item\":\"https:\/\/www.afarnetwork.com\/\"},{\"@type\":\"ListItem\",\"position\":2,\"name\":\"AFAR Talks\"}]},{\"@type\":\"WebSite\",\"@id\":\"https:\/\/www.afarnetwork.com\/#website\",\"url\":\"https:\/\/www.afarnetwork.com\/\",\"name\":\"AFAR Network\",\"description\":\"Art\",\"potentialAction\":[{\"@type\":\"SearchAction\",\"target\":{\"@type\":\"EntryPoint\",\"urlTemplate\":\"https:\/\/www.afarnetwork.com\/?s={search_term_string}\"},\"query-input\":\"required name=search_term_string\"}],\"inLanguage\":\"ro-RO\"}]}<\/script>\n<!-- \/ Yoast SEO plugin. -->","yoast_head_json":{"title":"AFAR Talks - AFAR Network","description":"Artists for Artists Residency Network (AFAR) is an EU funded project, aiming to improve the mobility of contemporary visual artists and curators in the four European partner regions \u2013 Romania, Germany, Croatia, and Austria.","robots":{"index":"index","follow":"follow","max-snippet":"max-snippet:-1","max-image-preview":"max-image-preview:large","max-video-preview":"max-video-preview:-1"},"canonical":"https:\/\/www.afarnetwork.com\/ro\/afar-talks\/","og_locale":"ro_RO","og_type":"article","og_title":"AFAR Talks - AFAR Network","og_description":"Artists for Artists Residency Network (AFAR) is an EU funded project, aiming to improve the mobility of contemporary visual artists and curators in the four European partner regions \u2013 Romania, Germany, Croatia, and Austria.","og_url":"https:\/\/www.afarnetwork.com\/ro\/afar-talks\/","og_site_name":"AFAR Network","article_modified_time":"2025-04-22T20:11:04+00:00","twitter_card":"summary_large_image","twitter_misc":{"Timp estimat pentru citire":"5 minute"},"schema":{"@context":"https:\/\/schema.org","@graph":[{"@type":"WebPage","@id":"https:\/\/www.afarnetwork.com\/afar-talks\/","url":"https:\/\/www.afarnetwork.com\/afar-talks\/","name":"AFAR Talks - AFAR Network","isPartOf":{"@id":"https:\/\/www.afarnetwork.com\/#website"},"datePublished":"2020-11-07T19:00:41+00:00","dateModified":"2025-04-22T20:11:04+00:00","description":"Artists for Artists Residency Network (AFAR) is an EU funded project, aiming to improve the mobility of contemporary visual artists and curators in the four European partner regions \u2013 Romania, Germany, Croatia, and Austria.","breadcrumb":{"@id":"https:\/\/www.afarnetwork.com\/afar-talks\/#breadcrumb"},"inLanguage":"ro-RO","potentialAction":[{"@type":"ReadAction","target":["https:\/\/www.afarnetwork.com\/afar-talks\/"]}]},{"@type":"BreadcrumbList","@id":"https:\/\/www.afarnetwork.com\/afar-talks\/#breadcrumb","itemListElement":[{"@type":"ListItem","position":1,"name":"Home","item":"https:\/\/www.afarnetwork.com\/"},{"@type":"ListItem","position":2,"name":"AFAR Talks"}]},{"@type":"WebSite","@id":"https:\/\/www.afarnetwork.com\/#website","url":"https:\/\/www.afarnetwork.com\/","name":"AFAR Network","description":"Art","potentialAction":[{"@type":"SearchAction","target":{"@type":"EntryPoint","urlTemplate":"https:\/\/www.afarnetwork.com\/?s={search_term_string}"},"query-input":"required name=search_term_string"}],"inLanguage":"ro-RO"}]}},"_links":{"self":[{"href":"https:\/\/www.afarnetwork.com\/ro\/wp-json\/wp\/v2\/pages\/68","targetHints":{"allow":["GET"]}}],"collection":[{"href":"https:\/\/www.afarnetwork.com\/ro\/wp-json\/wp\/v2\/pages"}],"about":[{"href":"https:\/\/www.afarnetwork.com\/ro\/wp-json\/wp\/v2\/types\/page"}],"author":[{"embeddable":true,"href":"https:\/\/www.afarnetwork.com\/ro\/wp-json\/wp\/v2\/users\/1"}],"replies":[{"embeddable":true,"href":"https:\/\/www.afarnetwork.com\/ro\/wp-json\/wp\/v2\/comments?post=68"}],"version-history":[{"count":10,"href":"https:\/\/www.afarnetwork.com\/ro\/wp-json\/wp\/v2\/pages\/68\/revisions"}],"predecessor-version":[{"id":3882,"href":"https:\/\/www.afarnetwork.com\/ro\/wp-json\/wp\/v2\/pages\/68\/revisions\/3882"}],"wp:attachment":[{"href":"https:\/\/www.afarnetwork.com\/ro\/wp-json\/wp\/v2\/media?parent=68"}],"curies":[{"name":"wp","href":"https:\/\/api.w.org\/{rel}","templated":true}]}}